{"id":8590,"date":"2024-12-18T16:53:07","date_gmt":"2024-12-18T16:53:07","guid":{"rendered":"https:\/\/www.defimorsogril.com\/privacy-policy\/"},"modified":"2025-05-19T12:45:26","modified_gmt":"2025-05-19T12:45:26","slug":"privacy-policy","status":"publish","type":"page","link":"https:\/\/www.defimorsogril.com\/es\/politica-de-privacidad\/","title":{"rendered":"Pol\u00edtica de privacidad"},"content":{"rendered":"\n<p><strong>RESPONSABLE DEL TRATAMIENTO DE LOS DATOS<\/strong><\/p>\n\n\n\n<p><strong>Defim Orsogril S.p.A.,<\/strong> con domicilio en Via Carlo Nicola Pasini, 11, 25017 Lonato del Garda (Brescia), Italia<\/p>\n\n\n\n<p><strong>Correo electr\u00f3nico del Responsable: <\/strong><strong>info@defimorsogril.com<\/strong><strong>&nbsp;<\/strong><\/p>\n\n\n\n<p><strong>DELEGADO DE PROTECCI\u00d3N DE DATOS (DPO)<\/strong><\/p>\n\n\n\n<p>El Responsable ha designado a MASTER KONSULT S.R.L. como Delegado de Protecci\u00f3n de Datos (DPO), quien puede ser contactado para cualquier cuesti\u00f3n relacionada con el tratamiento de datos personales y para ejercer los derechos previstos por el RGPD en la siguiente direcci\u00f3n de <strong>correo electr\u00f3nico: <\/strong><strong>dpo@it.feralpigroup.com<\/strong>&nbsp;<\/p>\n\n\n\n<p><strong>TIPOS DE DATOS RECOGIDOS<\/strong><\/p>\n\n\n\n<p>Entre los Datos Personales recogidos por esta Aplicaci\u00f3n, ya sea de forma independiente o mediante terceros, se incluyen: cookies; datos de uso; nombre; apellidos; sexo; fecha de nacimiento; n\u00famero de tel\u00e9fono; raz\u00f3n social; profesi\u00f3n; direcci\u00f3n; pa\u00eds; provincia; correo electr\u00f3nico; c\u00f3digo postal; diferentes tipos de datos; ciudad; estado; nombre de usuario; sitio web; ubicaci\u00f3n geogr\u00e1fica; contrase\u00f1a; c\u00f3digo fiscal; n\u00famero de IVA; lugar de trabajo.<\/p>\n\n\n\n<p>Se proporcionan detalles completos sobre cada tipo de datos recogidos en las secciones espec\u00edficas de esta pol\u00edtica de privacidad o en textos informativos mostrados antes de la recogida de los propios datos.<\/p>\n\n\n\n<p>Los Datos Personales pueden ser proporcionados libremente por el Usuario o, en el caso de los Datos de Uso, recogidos autom\u00e1ticamente durante el uso de esta Aplicaci\u00f3n.<\/p>\n\n\n\n<p>Salvo que se indique lo contrario, todos los Datos solicitados por esta Aplicaci\u00f3n son obligatorios. Si el Usuario se niega a proporcionarlos, puede que esta Aplicaci\u00f3n no pueda prestar el Servicio. En los casos en que esta Aplicaci\u00f3n indique que ciertos Datos son opcionales, los Usuarios son libres de no comunicarlos sin que esto afecte a la disponibilidad o funcionamiento del Servicio. En caso de duda sobre qu\u00e9 Datos son obligatorios, se recomienda contactar con el Responsable.<\/p>\n\n\n\n<p>El posible uso de cookies \u2013u otras herramientas de seguimiento\u2013 por parte de esta Aplicaci\u00f3n o por parte de los titulares de servicios de terceros utilizados por esta Aplicaci\u00f3n, salvo que se indique lo contrario, tiene la finalidad de prestar el Servicio solicitado por el Usuario, adem\u00e1s de otras finalidades descritas en el presente documento y en la Pol\u00edtica de Cookies, si est\u00e1 disponible.<\/p>\n\n\n\n<p>El Usuario asume la responsabilidad por los Datos Personales de terceros obtenidos, publicados o compartidos a trav\u00e9s de esta Aplicaci\u00f3n y garantiza que tiene derecho a comunicarlos o difundirlos, eximiendo al Responsable de cualquier responsabilidad hacia terceros.<\/p>\n\n\n\n<p><strong>MODO Y LUGAR DEL TRATAMIENTO DE LOS DATOS RECOGIDOS<\/strong><\/p>\n\n\n\n<p><strong>Modo de tratamiento<\/strong><\/p>\n\n\n\n<p>El Responsable adopta las medidas de seguridad adecuadas para impedir el acceso, divulgaci\u00f3n, modificaci\u00f3n o destrucci\u00f3n no autorizadas de los Datos Personales.<\/p>\n\n\n\n<p>El tratamiento se realiza mediante herramientas inform\u00e1ticas y\/o telem\u00e1ticas, con m\u00e9todos organizativos y con l\u00f3gicas estrictamente relacionadas con las finalidades indicadas.<\/p>\n\n\n\n<p>Adem\u00e1s del Responsable, en algunos casos, pueden tener acceso a los Datos otras personas involucradas en la organizaci\u00f3n de esta Aplicaci\u00f3n (personal administrativo, comercial, de marketing, jur\u00eddico, administradores de sistemas) o partes externas (como proveedores de servicios t\u00e9cnicos, mensajer\u00edas, proveedores de hosting, empresas inform\u00e1ticas, agencias de comunicaci\u00f3n), que tambi\u00e9n pueden ser nombradas, si es necesario, como Encargados del Tratamiento por parte del Responsable. La lista actualizada de dichos Encargados se puede solicitar en cualquier momento al Responsable.<\/p>\n\n\n\n<p><strong>Base legal del tratamiento<\/strong><\/p>\n\n\n\n<p>El Responsable trata Datos Personales relativos al Usuario cuando se cumple una de las siguientes condiciones:<\/p>\n\n\n\n<ul class=\"wp-block-list\">\n<li>El Usuario ha dado su consentimiento para uno o m\u00e1s fines espec\u00edficos;<\/li>\n\n\n\n<li>El tratamiento es necesario para la ejecuci\u00f3n de un contrato con el Usuario y\/o para la aplicaci\u00f3n de medidas precontractuales;<\/li>\n\n\n\n<li>El tratamiento es necesario para cumplir una obligaci\u00f3n legal a la que est\u00e1 sujeto el Responsable;<\/li>\n\n\n\n<li>El tratamiento es necesario para el cumplimiento de una misi\u00f3n de inter\u00e9s p\u00fablico o en el ejercicio de poderes p\u00fablicos conferidos al Responsable;<\/li>\n\n\n\n<li>El tratamiento es necesario para la satisfacci\u00f3n de intereses leg\u00edtimos del Responsable o de terceros.<\/li>\n<\/ul>\n\n\n\n<p>En cualquier caso, el Responsable estar\u00e1 dispuesto a aclarar la base legal concreta aplicable a cada tratamiento.<\/p>\n\n\n\n<p><strong>Lugar<\/strong><\/p>\n\n\n\n<p>Los Datos se tratan en las sedes operativas del Responsable y en cualquier otro lugar donde se encuentren las partes implicadas en el tratamiento.<\/p>\n\n\n\n<p>Los Datos Personales del Usuario pueden ser transferidos a un pa\u00eds distinto de aquel en el que se encuentra el Usuario.<\/p>\n\n\n\n<p>Para obtener m\u00e1s informaci\u00f3n sobre el lugar de tratamiento, el Usuario puede consultar la secci\u00f3n correspondiente o contactar con el Responsable.<\/p>\n\n\n\n<p>El Usuario tiene derecho a obtener informaci\u00f3n sobre la base legal de transferencias de Datos fuera de la Uni\u00f3n Europea o a organizaciones internacionales, como la ONU, as\u00ed como sobre las medidas de seguridad adoptadas por el Responsable para proteger dichos Datos.<\/p>\n\n\n\n<p>El Usuario puede comprobar si se produce una de estas transferencias examinando las secciones relevantes de este documento o contactando al Responsable.<\/p>\n\n\n\n<p><strong>Periodo de conservaci\u00f3n<\/strong><\/p>\n\n\n\n<p>Los Datos se tratan y conservan durante el tiempo necesario para los fines por los que fueron recogidos.<\/p>\n\n\n\n<p>Por tanto:<\/p>\n\n\n\n<ul class=\"wp-block-list\">\n<li>Los Datos Personales recogidos para fines relacionados con la ejecuci\u00f3n de un contrato entre el Responsable y el Usuario ser\u00e1n conservados hasta que finalice dicho contrato;<\/li>\n\n\n\n<li>Los Datos recogidos para la satisfacci\u00f3n de intereses leg\u00edtimos del Responsable ser\u00e1n conservados hasta que se cumpla dicho inter\u00e9s.<\/li>\n<\/ul>\n\n\n\n<p>Cuando el tratamiento se base en el consentimiento del Usuario, el Responsable podr\u00e1 conservar los Datos Personales durante m\u00e1s tiempo hasta que dicho consentimiento sea revocado.<\/p>\n\n\n\n<p>Adem\u00e1s, el Responsable podr\u00e1 estar obligado a conservar los Datos Personales por un periodo m\u00e1s largo en cumplimiento de una obligaci\u00f3n legal o por orden de una autoridad.<\/p>\n\n\n\n<p>Al finalizar el periodo de conservaci\u00f3n, los Datos Personales ser\u00e1n eliminados. Por tanto, una vez transcurrido ese plazo, no podr\u00e1n ejercerse los derechos de acceso, supresi\u00f3n, rectificaci\u00f3n o portabilidad de los Datos.<\/p>\n\n\n\n<p><strong>FINALIDADES DEL TRATAMIENTO DE LOS DATOS RECOGIDOS<\/strong><\/p>\n\n\n\n<p>Los Datos del Usuario se recogen para que el Responsable pueda prestar el Servicio, cumplir con obligaciones legales, responder a solicitudes o acciones legales, proteger sus derechos e intereses (o los de los Usuarios o terceros), detectar actividades fraudulentas o maliciosas, as\u00ed como para las siguientes finalidades: Estad\u00edsticas, Gesti\u00f3n de etiquetas, Contactar al Usuario, Comentarios de contenido, Gesti\u00f3n de contactos y env\u00edo de mensajes, Interacci\u00f3n con redes sociales y plataformas externas, Interacciones basadas en la localizaci\u00f3n, Remarketing y publicidad basada en el comportamiento, Visualizaci\u00f3n de contenidos de plataformas externas y Registro y autenticaci\u00f3n.<\/p>\n\n\n\n<p><strong>DERECHOS DEL INTERESADO<\/strong><\/p>\n\n\n\n<p>En relaci\u00f3n con el tratamiento de los datos mencionados, el interesado tiene derecho, dentro de los l\u00edmites previstos por la normativa vigente, a:<\/p>\n\n\n\n<ul class=\"wp-block-list\">\n<li>Obtener confirmaci\u00f3n sobre la existencia o no de datos personales que le conciernen, su comunicaci\u00f3n en forma inteligible y conocer su origen, as\u00ed como la l\u00f3gica del tratamiento;<\/li>\n\n\n\n<li>Solicitar la supresi\u00f3n, anonimizaci\u00f3n o bloqueo de los datos tratados en violaci\u00f3n de la ley;<\/li>\n\n\n\n<li>Solicitar la actualizaci\u00f3n, rectificaci\u00f3n o, cuando lo desee, la integraci\u00f3n de los datos;<\/li>\n\n\n\n<li>Solicitar que las operaciones anteriores se notifiquen a aquellos a quienes se comunicaron los datos, salvo que resulte imposible o suponga un esfuerzo desproporcionado;<\/li>\n\n\n\n<li>Solicitar la limitaci\u00f3n del tratamiento o oponerse al mismo por motivos leg\u00edtimos;<\/li>\n\n\n\n<li>Revocar el consentimiento prestado para tratamientos opcionales y no vinculados al contrato;<\/li>\n\n\n\n<li>Solicitar la portabilidad de los datos o ejercer el derecho al olvido.<\/li>\n<\/ul>\n\n\n\n<p><strong>RECLAMACI\u00d3N<\/strong><\/p>\n\n\n\n<p>En caso de falta de respuesta o de respuesta insatisfactoria, el interesado tiene derecho a presentar una reclamaci\u00f3n ante la autoridad de control competente en materia de protecci\u00f3n de datos personales (Garante per la protezione dei dati personali \u2013<a href=\"https:\/\/www.garanteprivacy.it\"> <strong>www.garanteprivacy.it<\/strong><\/a>)<\/p>\n\n\n\n<p><strong>Correo electr\u00f3nico: <\/strong><strong>garante@gpdp.it<\/strong><strong>&nbsp; \u2013 Correo PEC: <\/strong><strong>protocollo@pec.gpdp.it<\/strong><strong>&nbsp;<\/strong><\/p>\n\n\n\n<p>\u00daltima actualizaci\u00f3n: 09\/05\/2025<\/p>\n","protected":false},"excerpt":{"rendered":"<p>RESPONSABLE DEL TRATAMIENTO DE LOS DATOS Defim Orsogril S.p.A., con domicilio en Via Carlo Nicola Pasini, 11, 25017 Lonato del Garda (Brescia), Italia Correo electr\u00f3nico del Responsable: info@defimorsogril.com&nbsp; DELEGADO DE PROTECCI\u00d3N DE DATOS (DPO) El Responsable ha designado a MASTER KONSULT S.R.L. como Delegado de Protecci\u00f3n de Datos (DPO), quien puede ser contactado para cualquier [&hellip;]<\/p>\n","protected":false},"author":11754,"featured_media":0,"parent":0,"menu_order":0,"comment_status":"closed","ping_status":"open","template":"page-templates\/page-privacy-cookie.php","meta":{"_acf_changed":false,"footnotes":""},"class_list":["post-8590","page","type-page","status-publish","hentry"],"acf":[],"yoast_head":"<!-- This site is optimized with the Yoast SEO plugin v26.2 - https:\/\/yoast.com\/wordpress\/plugins\/seo\/ -->\n<title>Pol\u00edtica de privacidad - Defim Orsogril<\/title>\n<meta name=\"robots\" content=\"noindex, nofollow\" \/>\n<meta property=\"og:locale\" content=\"es_ES\" \/>\n<meta property=\"og:type\" content=\"article\" \/>\n<meta property=\"og:title\" content=\"Pol\u00edtica de privacidad - Defim Orsogril\" \/>\n<meta property=\"og:description\" content=\"RESPONSABLE DEL TRATAMIENTO DE LOS DATOS Defim Orsogril S.p.A., con domicilio en Via Carlo Nicola Pasini, 11, 25017 Lonato del Garda (Brescia), Italia Correo electr\u00f3nico del Responsable: info@defimorsogril.com&nbsp; DELEGADO DE PROTECCI\u00d3N DE DATOS (DPO) El Responsable ha designado a MASTER KONSULT S.R.L. como Delegado de Protecci\u00f3n de Datos (DPO), quien puede ser contactado para cualquier [&hellip;]\" \/>\n<meta property=\"og:url\" content=\"https:\/\/www.defimorsogril.com\/es\/politica-de-privacidad\/\" \/>\n<meta property=\"og:site_name\" content=\"Defim Orsogril\" \/>\n<meta property=\"article:publisher\" content=\"https:\/\/www.facebook.com\/NuovaDefim.Orsogril\/?locale=it_IT\" \/>\n<meta property=\"article:modified_time\" content=\"2025-05-19T12:45:26+00:00\" \/>\n<meta name=\"twitter:card\" content=\"summary_large_image\" \/>\n<meta name=\"twitter:site\" content=\"@NuovaDefim\" \/>\n<script type=\"application\/ld+json\" class=\"yoast-schema-graph\">{\"@context\":\"https:\/\/schema.org\",\"@graph\":[{\"@type\":\"WebPage\",\"@id\":\"https:\/\/www.defimorsogril.com\/es\/politica-de-privacidad\/\",\"url\":\"https:\/\/www.defimorsogril.com\/es\/politica-de-privacidad\/\",\"name\":\"Pol\u00edtica de privacidad - Defim Orsogril\",\"isPartOf\":{\"@id\":\"https:\/\/www.defimorsogril.com\/es\/#website\"},\"datePublished\":\"2024-12-18T16:53:07+00:00\",\"dateModified\":\"2025-05-19T12:45:26+00:00\",\"breadcrumb\":{\"@id\":\"https:\/\/www.defimorsogril.com\/es\/politica-de-privacidad\/#breadcrumb\"},\"inLanguage\":\"es\",\"potentialAction\":[{\"@type\":\"ReadAction\",\"target\":[\"https:\/\/www.defimorsogril.com\/es\/politica-de-privacidad\/\"]}]},{\"@type\":\"BreadcrumbList\",\"@id\":\"https:\/\/www.defimorsogril.com\/es\/politica-de-privacidad\/#breadcrumb\",\"itemListElement\":[{\"@type\":\"ListItem\",\"position\":1,\"name\":\"Home\",\"item\":\"https:\/\/www.defimorsogril.com\/es\/\"},{\"@type\":\"ListItem\",\"position\":2,\"name\":\"Pol\u00edtica de privacidad\"}]},{\"@type\":\"WebSite\",\"@id\":\"https:\/\/www.defimorsogril.com\/es\/#website\",\"url\":\"https:\/\/www.defimorsogril.com\/es\/\",\"name\":\"Defim Orsogril\",\"description\":\"Steel & Style\",\"publisher\":{\"@id\":\"https:\/\/www.defimorsogril.com\/es\/#organization\"},\"alternateName\":\"Defim\",\"potentialAction\":[{\"@type\":\"SearchAction\",\"target\":{\"@type\":\"EntryPoint\",\"urlTemplate\":\"https:\/\/www.defimorsogril.com\/es\/?s={search_term_string}\"},\"query-input\":{\"@type\":\"PropertyValueSpecification\",\"valueRequired\":true,\"valueName\":\"search_term_string\"}}],\"inLanguage\":\"es\"},{\"@type\":\"Organization\",\"@id\":\"https:\/\/www.defimorsogril.com\/es\/#organization\",\"name\":\"Defim Orsogril Spa\",\"alternateName\":\"Defim\",\"url\":\"https:\/\/www.defimorsogril.com\/es\/\",\"logo\":{\"@type\":\"ImageObject\",\"inLanguage\":\"es\",\"@id\":\"https:\/\/www.defimorsogril.com\/es\/#\/schema\/logo\/image\/\",\"url\":\"https:\/\/www.defimorsogril.com\/wp-content\/uploads\/2025\/03\/defim-orsogril-logo-white.svg\",\"contentUrl\":\"https:\/\/www.defimorsogril.com\/wp-content\/uploads\/2025\/03\/defim-orsogril-logo-white.svg\",\"width\":1,\"height\":1,\"caption\":\"Defim Orsogril Spa\"},\"image\":{\"@id\":\"https:\/\/www.defimorsogril.com\/es\/#\/schema\/logo\/image\/\"},\"sameAs\":[\"https:\/\/www.facebook.com\/NuovaDefim.Orsogril\/?locale=it_IT\",\"https:\/\/x.com\/NuovaDefim\",\"https:\/\/www.linkedin.com\/company\/nuova-defim\/?originalSubdomain=it\",\"https:\/\/www.youtube.com\/user\/NuovaDefimSpa\",\"https:\/\/www.instagram.com\/nuovadefimorsogril\/\"]}]}<\/script>\n<!-- \/ Yoast SEO plugin. -->","yoast_head_json":{"title":"Pol\u00edtica de privacidad - Defim Orsogril","robots":{"index":"noindex","follow":"nofollow"},"og_locale":"es_ES","og_type":"article","og_title":"Pol\u00edtica de privacidad - Defim Orsogril","og_description":"RESPONSABLE DEL TRATAMIENTO DE LOS DATOS Defim Orsogril S.p.A., con domicilio en Via Carlo Nicola Pasini, 11, 25017 Lonato del Garda (Brescia), Italia Correo electr\u00f3nico del Responsable: info@defimorsogril.com&nbsp; DELEGADO DE PROTECCI\u00d3N DE DATOS (DPO) El Responsable ha designado a MASTER KONSULT S.R.L. como Delegado de Protecci\u00f3n de Datos (DPO), quien puede ser contactado para cualquier [&hellip;]","og_url":"https:\/\/www.defimorsogril.com\/es\/politica-de-privacidad\/","og_site_name":"Defim Orsogril","article_publisher":"https:\/\/www.facebook.com\/NuovaDefim.Orsogril\/?locale=it_IT","article_modified_time":"2025-05-19T12:45:26+00:00","twitter_card":"summary_large_image","twitter_site":"@NuovaDefim","schema":{"@context":"https:\/\/schema.org","@graph":[{"@type":"WebPage","@id":"https:\/\/www.defimorsogril.com\/es\/politica-de-privacidad\/","url":"https:\/\/www.defimorsogril.com\/es\/politica-de-privacidad\/","name":"Pol\u00edtica de privacidad - Defim Orsogril","isPartOf":{"@id":"https:\/\/www.defimorsogril.com\/es\/#website"},"datePublished":"2024-12-18T16:53:07+00:00","dateModified":"2025-05-19T12:45:26+00:00","breadcrumb":{"@id":"https:\/\/www.defimorsogril.com\/es\/politica-de-privacidad\/#breadcrumb"},"inLanguage":"es","potentialAction":[{"@type":"ReadAction","target":["https:\/\/www.defimorsogril.com\/es\/politica-de-privacidad\/"]}]},{"@type":"BreadcrumbList","@id":"https:\/\/www.defimorsogril.com\/es\/politica-de-privacidad\/#breadcrumb","itemListElement":[{"@type":"ListItem","position":1,"name":"Home","item":"https:\/\/www.defimorsogril.com\/es\/"},{"@type":"ListItem","position":2,"name":"Pol\u00edtica de privacidad"}]},{"@type":"WebSite","@id":"https:\/\/www.defimorsogril.com\/es\/#website","url":"https:\/\/www.defimorsogril.com\/es\/","name":"Defim Orsogril","description":"Steel & Style","publisher":{"@id":"https:\/\/www.defimorsogril.com\/es\/#organization"},"alternateName":"Defim","potentialAction":[{"@type":"SearchAction","target":{"@type":"EntryPoint","urlTemplate":"https:\/\/www.defimorsogril.com\/es\/?s={search_term_string}"},"query-input":{"@type":"PropertyValueSpecification","valueRequired":true,"valueName":"search_term_string"}}],"inLanguage":"es"},{"@type":"Organization","@id":"https:\/\/www.defimorsogril.com\/es\/#organization","name":"Defim Orsogril Spa","alternateName":"Defim","url":"https:\/\/www.defimorsogril.com\/es\/","logo":{"@type":"ImageObject","inLanguage":"es","@id":"https:\/\/www.defimorsogril.com\/es\/#\/schema\/logo\/image\/","url":"https:\/\/www.defimorsogril.com\/wp-content\/uploads\/2025\/03\/defim-orsogril-logo-white.svg","contentUrl":"https:\/\/www.defimorsogril.com\/wp-content\/uploads\/2025\/03\/defim-orsogril-logo-white.svg","width":1,"height":1,"caption":"Defim Orsogril Spa"},"image":{"@id":"https:\/\/www.defimorsogril.com\/es\/#\/schema\/logo\/image\/"},"sameAs":["https:\/\/www.facebook.com\/NuovaDefim.Orsogril\/?locale=it_IT","https:\/\/x.com\/NuovaDefim","https:\/\/www.linkedin.com\/company\/nuova-defim\/?originalSubdomain=it","https:\/\/www.youtube.com\/user\/NuovaDefimSpa","https:\/\/www.instagram.com\/nuovadefimorsogril\/"]}]}},"_links":{"self":[{"href":"https:\/\/www.defimorsogril.com\/es\/wp-json\/wp\/v2\/pages\/8590","targetHints":{"allow":["GET"]}}],"collection":[{"href":"https:\/\/www.defimorsogril.com\/es\/wp-json\/wp\/v2\/pages"}],"about":[{"href":"https:\/\/www.defimorsogril.com\/es\/wp-json\/wp\/v2\/types\/page"}],"author":[{"embeddable":true,"href":"https:\/\/www.defimorsogril.com\/es\/wp-json\/wp\/v2\/users\/11754"}],"replies":[{"embeddable":true,"href":"https:\/\/www.defimorsogril.com\/es\/wp-json\/wp\/v2\/comments?post=8590"}],"version-history":[{"count":2,"href":"https:\/\/www.defimorsogril.com\/es\/wp-json\/wp\/v2\/pages\/8590\/revisions"}],"predecessor-version":[{"id":9425,"href":"https:\/\/www.defimorsogril.com\/es\/wp-json\/wp\/v2\/pages\/8590\/revisions\/9425"}],"wp:attachment":[{"href":"https:\/\/www.defimorsogril.com\/es\/wp-json\/wp\/v2\/media?parent=8590"}],"curies":[{"name":"wp","href":"https:\/\/api.w.org\/{rel}","templated":true}]}}