{"id":9095,"date":"2024-12-18T16:53:07","date_gmt":"2024-12-18T16:53:07","guid":{"rendered":"https:\/\/www.defimorsogril.com\/privacy-policy\/"},"modified":"2025-10-22T15:08:25","modified_gmt":"2025-10-22T15:08:25","slug":"privacy-policy","status":"publish","type":"page","link":"https:\/\/www.defimorsogril.com\/de\/datenschutzerklarung\/","title":{"rendered":"Datenschutzerkl\u00e4rung"},"content":{"rendered":"\n<p><strong>VERANTWORTLICHER F\u00dcR DIE DATENVERARBEITUNG<\/strong><\/p>\n\n\n\n<p><strong>Defim Orsogril S.p.A.,<\/strong> mit Sitz in Via Carlo Nicola Pasini, 11, 25017 Lonato del Garda (Brescia), Italien<\/p>\n\n\n\n<p><strong>E-Mail-Adresse des Verantwortlichen: <\/strong><strong>info@defimorsogril.com<\/strong><strong>&nbsp;<\/strong><\/p>\n\n\n\n<p><strong>DATENSCHUTZBEAUFTRAGTER (DPO)<\/strong><\/p>\n\n\n\n<p>Der Verantwortliche hat MASTER KONSULT S.R.L. zum Datenschutzbeauftragten (Data Protection Officer \u2013 DPO) ernannt. Dieser kann f\u00fcr alle Fragen im Zusammenhang mit der Verarbeitung personenbezogener Daten und zur Aus\u00fcbung der im DSGVO vorgesehenen Rechte unter folgender <strong>E-Mail-Adresse kontaktiert werden: <\/strong><strong>dpo@it.feralpigroup.com<\/strong><strong>&nbsp;<\/strong><\/p>\n\n\n\n<p><strong>ARTEN DER ERHOBENEN DATEN<\/strong><\/p>\n\n\n\n<p>Zu den personenbezogenen Daten, die von dieser Anwendung entweder selbstst\u00e4ndig oder durch Dritte erhoben werden, geh\u00f6ren: Cookies; Nutzungsdaten; Vorname; Nachname; Geschlecht; Geburtsdatum; Telefonnummer; Firmenname; Beruf; Adresse; Land; Provinz; E-Mail; Postleitzahl; verschiedene Arten von Daten; Stadt; Staat; Benutzername; Website; geografische Position; Passwort; Steuernummer; Umsatzsteuer-Identifikationsnummer; Arbeitsort.<\/p>\n\n\n\n<p>Ausf\u00fchrliche Informationen zu jeder Datenkategorie werden in den entsprechenden Abschnitten dieser Datenschutzrichtlinie oder in speziellen Hinweisen vor der Datenerhebung bereitgestellt.<\/p>\n\n\n\n<p>Die personenbezogenen Daten k\u00f6nnen vom Nutzer freiwillig angegeben oder \u2013 im Fall von Nutzungsdaten \u2013 automatisch w\u00e4hrend der Nutzung dieser Anwendung erhoben werden.<\/p>\n\n\n\n<p>Sofern nicht anders angegeben, sind alle von dieser Anwendung angeforderten Daten obligatorisch. Wenn der Nutzer diese nicht bereitstellt, kann die Anwendung den Dienst m\u00f6glicherweise nicht erbringen. In F\u00e4llen, in denen diese Anwendung bestimmte Daten als optional angibt, steht es den Nutzern frei, diese nicht bereitzustellen, ohne dass dies Auswirkungen auf die Verf\u00fcgbarkeit oder Funktion des Dienstes hat. Nutzer, die sich nicht sicher sind, welche Daten verpflichtend sind, werden gebeten, den Verantwortlichen zu kontaktieren.<\/p>\n\n\n\n<p>Die Verwendung von Cookies \u2013 oder anderen Tracking-Tools \u2013 durch diese Anwendung oder die Drittanbieter-Dienste erfolgt, sofern nicht anders angegeben, zur Bereitstellung des vom Nutzer gew\u00fcnschten Dienstes sowie zu den in diesem Dokument und ggf. in der Cookie-Richtlinie beschriebenen weiteren Zwecken.<\/p>\n\n\n\n<p>Der Nutzer ist f\u00fcr personenbezogene Daten Dritter verantwortlich, die \u00fcber diese Anwendung ver\u00f6ffentlicht oder weitergegeben werden, und garantiert, dass er berechtigt ist, diese mitzuteilen oder zu verbreiten, und entbindet den Verantwortlichen von jeglicher Haftung gegen\u00fcber Dritten.<\/p>\n\n\n\n<p><strong>ART UND ORT DER DATENVERARBEITUNG<\/strong><\/p>\n\n\n\n<p><strong>Verarbeitungsmethoden<\/strong><\/p>\n\n\n\n<p>Der Verantwortliche ergreift geeignete Sicherheitsma\u00dfnahmen, um den unbefugten Zugriff, die Offenlegung, \u00c4nderung oder Zerst\u00f6rung der personenbezogenen Daten zu verhindern. Die Verarbeitung erfolgt mithilfe von IT- und\/oder telematischen Tools und nach organisatorischen Verfahren und Logiken, die eng mit den angegebenen Zwecken verbunden sind.<\/p>\n\n\n\n<p>Neben dem Verantwortlichen k\u00f6nnen in einigen F\u00e4llen auch andere an der Organisation dieser Anwendung beteiligte Personen (z.\u202fB. Verwaltungs-, Vertriebs-, Marketing-, Rechtsmitarbeiter, Systemadministratoren) oder externe Dienstleister (z.\u202fB. technische Dienstleister, Postdienstleister, Hosting-Anbieter, IT-Unternehmen, Kommunikationsagenturen) Zugang zu den Daten haben und gegebenenfalls als Auftragsverarbeiter benannt werden. Die aktualisierte Liste dieser Auftragsverarbeiter kann jederzeit beim Verantwortlichen angefordert werden.<\/p>\n\n\n\n<p><strong>Rechtsgrundlage der Verarbeitung<\/strong><\/p>\n\n\n\n<p>Der Verantwortliche verarbeitet personenbezogene Daten des Nutzers, wenn eine der folgenden Bedingungen erf\u00fcllt ist:<\/p>\n\n\n\n<ul class=\"wp-block-list\">\n<li>Der Nutzer hat seine Einwilligung zu einem oder mehreren bestimmten Zwecken gegeben;<\/li>\n\n\n\n<li>Die Verarbeitung ist zur Erf\u00fcllung eines Vertrags mit dem Nutzer und\/oder zur Durchf\u00fchrung vorvertraglicher Ma\u00dfnahmen erforderlich;<\/li>\n\n\n\n<li>Die Verarbeitung ist zur Erf\u00fcllung einer rechtlichen Verpflichtung erforderlich, der der Verantwortliche unterliegt;<\/li>\n\n\n\n<li>Die Verarbeitung ist zur Wahrnehmung einer Aufgabe im \u00f6ffentlichen Interesse oder zur Aus\u00fcbung \u00f6ffentlicher Gewalt erforderlich, die dem Verantwortlichen \u00fcbertragen wurde;<\/li>\n\n\n\n<li>Die Verarbeitung ist zur Wahrung der berechtigten Interessen des Verantwortlichen oder eines Dritten erforderlich.<\/li>\n<\/ul>\n\n\n\n<p>In jedem Fall stellt der Verantwortliche auf Anfrage gerne Klarstellungen zur konkret geltenden Rechtsgrundlage der Verarbeitung bereit.<\/p>\n\n\n\n<p><strong>Ort<\/strong><\/p>\n\n\n\n<p>Die Daten werden in den Betriebsst\u00e4tten des Verantwortlichen und an allen anderen Orten verarbeitet, an denen sich die an der Verarbeitung beteiligten Parteien befinden.<\/p>\n\n\n\n<p>Personenbezogene Daten des Nutzers k\u00f6nnen in ein anderes Land als das, in dem sich der Nutzer befindet, \u00fcbertragen werden. Weitere Informationen \u00fcber den Ort der Verarbeitung finden sich in den entsprechenden Abschnitten dieses Dokuments oder durch direkte Kontaktaufnahme mit dem Verantwortlichen.<\/p>\n\n\n\n<p>Der Nutzer hat das Recht, Informationen \u00fcber die Rechtsgrundlage von Daten\u00fcbermittlungen au\u00dferhalb der Europ\u00e4ischen Union oder an eine internationale Organisation wie die UNO sowie \u00fcber die vom Verantwortlichen getroffenen Sicherheitsma\u00dfnahmen zum Schutz der Daten zu erhalten.<\/p>\n\n\n\n<p>Der Nutzer kann \u00fcberpr\u00fcfen, ob eine solche \u00dcbermittlung stattfindet, indem er die entsprechenden Abschnitte dieses Dokuments konsultiert oder den Verantwortlichen direkt kontaktiert.<\/p>\n\n\n\n<p><strong>Speicherdauer<\/strong><\/p>\n\n\n\n<p>Die Daten werden so lange verarbeitet und gespeichert, wie es f\u00fcr die Zwecke, f\u00fcr die sie erhoben wurden, erforderlich ist.<\/p>\n\n\n\n<p>Daher gilt:<\/p>\n\n\n\n<ul class=\"wp-block-list\">\n<li>Personenbezogene Daten, die zur Erf\u00fcllung eines Vertrags zwischen dem Verantwortlichen und dem Nutzer erhoben werden, werden bis zur vollst\u00e4ndigen Vertragsabwicklung aufbewahrt;<\/li>\n\n\n\n<li>Personenbezogene Daten, die zur Wahrung der berechtigten Interessen des Verantwortlichen erhoben wurden, werden so lange gespeichert, bis dieses Interesse erf\u00fcllt ist.<\/li>\n<\/ul>\n\n\n\n<p>Wenn die Verarbeitung auf der Einwilligung des Nutzers beruht, kann der Verantwortliche die Daten bis zum Widerruf dieser Einwilligung speichern.<\/p>\n\n\n\n<p>Dar\u00fcber hinaus kann der Verantwortliche verpflichtet sein, personenbezogene Daten \u00fcber einen l\u00e4ngeren Zeitraum aufzubewahren, wenn dies gesetzlich vorgeschrieben ist oder von einer Beh\u00f6rde angeordnet wurde.<\/p>\n\n\n\n<p>Nach Ablauf der Aufbewahrungsfrist werden die Daten gel\u00f6scht. Daher k\u00f6nnen nach Ablauf dieser Frist Rechte wie Auskunft, L\u00f6schung, Berichtigung und Daten\u00fcbertragbarkeit nicht mehr geltend gemacht werden.<\/p>\n\n\n\n<p><strong>ZWECKE DER VERARBEITUNG DER ERHOBENEN DATEN<\/strong><\/p>\n\n\n\n<p>Die Daten des Nutzers werden erhoben, um dem Verantwortlichen die Erbringung des Dienstes zu erm\u00f6glichen, gesetzlichen Verpflichtungen nachzukommen, auf Anfragen oder Vollstreckungsma\u00dfnahmen zu reagieren, eigene Rechte und Interessen (oder die von Nutzern oder Dritten) zu sch\u00fctzen, betr\u00fcgerische oder sch\u00e4dliche Aktivit\u00e4ten zu erkennen sowie f\u00fcr folgende Zwecke: Statistik, Tag-Verwaltung, Kontaktaufnahme mit dem Nutzer, Kommentierung von Inhalten, Verwaltung von Kontakten und Nachrichtenversand, Interaktion mit sozialen Netzwerken und externen Plattformen, standortbasierte Interaktionen, Remarketing und verhaltensbezogene Werbung, Anzeige von Inhalten externer Plattformen, Registrierung und Authentifizierung.<\/p>\n\n\n\n<p><strong>RECHTE DER BETROFFENEN PERSON<\/strong><\/p>\n\n\n\n<p>Im Zusammenhang mit der Verarbeitung der oben genannten Daten hat der Nutzer, im Rahmen der geltenden Gesetze, das Recht:<\/p>\n\n\n\n<ul class=\"wp-block-list\">\n<li>Eine Best\u00e4tigung \u00fcber das Vorhandensein oder Nichtvorhandensein personenbezogener Daten zu verlangen sowie Informationen \u00fcber deren Herkunft, Inhalt, Verarbeitung und Zweck zu erhalten;<\/li>\n\n\n\n<li>Die L\u00f6schung, Anonymisierung oder Sperrung unrechtm\u00e4\u00dfig verarbeiteter Daten zu verlangen;<\/li>\n\n\n\n<li>Die Aktualisierung, Berichtigung oder \u2013 bei Interesse \u2013 Erg\u00e4nzung der Daten zu verlangen;<\/li>\n\n\n\n<li>Eine Best\u00e4tigung dar\u00fcber zu erhalten, dass die oben genannten Ma\u00dfnahmen auch denjenigen mitgeteilt wurden, denen die Daten \u00fcbermittelt wurden, sofern dies nicht unm\u00f6glich oder mit einem unverh\u00e4ltnism\u00e4\u00dfigen Aufwand verbunden ist;<\/li>\n\n\n\n<li>Die Verarbeitung der Daten einzuschr\u00e4nken oder ihr aus berechtigten Gr\u00fcnden zu widersprechen;<\/li>\n\n\n\n<li>Die erteilte Einwilligung f\u00fcr nicht verpflichtende Verarbeitungen zu widerrufen;<\/li>\n\n\n\n<li>Die \u00dcbertragbarkeit der Daten zu verlangen oder das Recht auf Vergessenwerden geltend zu machen.<\/li>\n<\/ul>\n\n\n\n<p><strong>BESCHWERDERECHT<\/strong><\/p>\n\n\n\n<p>Im Falle einer fehlenden oder unzureichenden Antwort hat der Nutzer das Recht, bei der zust\u00e4ndigen Datenschutzbeh\u00f6rde eine Beschwerde einzureichen, falls er der Meinung ist, in seinen Rechten verletzt worden zu sein (Garante per la protezione dei dati personali \u2013<a href=\"https:\/\/www.garanteprivacy.it\"> www.garanteprivacy.it<\/a>)<\/p>\n\n\n\n<p><strong>E-Mail: <\/strong><strong>garante@gpdp.it<\/strong><strong>&nbsp; \u2013 PEC: <\/strong><strong>protocollo@pec.gpdp.it<\/strong><strong>&nbsp;<\/strong><\/p>\n\n\n\n<p>Letzte Aktualisierung: 09.05.2025<\/p>\n","protected":false},"excerpt":{"rendered":"<p>VERANTWORTLICHER F\u00dcR DIE DATENVERARBEITUNG Defim Orsogril S.p.A., mit Sitz in Via Carlo Nicola Pasini, 11, 25017 Lonato del Garda (Brescia), Italien E-Mail-Adresse des Verantwortlichen: info@defimorsogril.com&nbsp; DATENSCHUTZBEAUFTRAGTER (DPO) Der Verantwortliche hat MASTER KONSULT S.R.L. zum Datenschutzbeauftragten (Data Protection Officer \u2013 DPO) ernannt. Dieser kann f\u00fcr alle Fragen im Zusammenhang mit der Verarbeitung personenbezogener Daten und zur [&hellip;]<\/p>\n","protected":false},"author":11754,"featured_media":0,"parent":0,"menu_order":0,"comment_status":"closed","ping_status":"open","template":"page-templates\/page-privacy-cookie.php","meta":{"_acf_changed":false,"footnotes":""},"class_list":["post-9095","page","type-page","status-publish","hentry"],"acf":[],"yoast_head":"<!-- This site is optimized with the Yoast SEO plugin v26.2 - https:\/\/yoast.com\/wordpress\/plugins\/seo\/ -->\n<title>Datenschutzerkl\u00e4rung - Defim Orsogril<\/title>\n<meta name=\"robots\" content=\"noindex, nofollow\" \/>\n<meta property=\"og:locale\" content=\"de_DE\" \/>\n<meta property=\"og:type\" content=\"article\" \/>\n<meta property=\"og:title\" content=\"Datenschutzerkl\u00e4rung - Defim Orsogril\" \/>\n<meta property=\"og:description\" content=\"VERANTWORTLICHER F\u00dcR DIE DATENVERARBEITUNG Defim Orsogril S.p.A., mit Sitz in Via Carlo Nicola Pasini, 11, 25017 Lonato del Garda (Brescia), Italien E-Mail-Adresse des Verantwortlichen: info@defimorsogril.com&nbsp; DATENSCHUTZBEAUFTRAGTER (DPO) Der Verantwortliche hat MASTER KONSULT S.R.L. zum Datenschutzbeauftragten (Data Protection Officer \u2013 DPO) ernannt. Dieser kann f\u00fcr alle Fragen im Zusammenhang mit der Verarbeitung personenbezogener Daten und zur [&hellip;]\" \/>\n<meta property=\"og:url\" content=\"https:\/\/www.defimorsogril.com\/de\/datenschutzerklarung\/\" \/>\n<meta property=\"og:site_name\" content=\"Defim Orsogril\" \/>\n<meta property=\"article:publisher\" content=\"https:\/\/www.facebook.com\/NuovaDefim.Orsogril\/?locale=it_IT\" \/>\n<meta property=\"article:modified_time\" content=\"2025-10-22T15:08:25+00:00\" \/>\n<meta name=\"twitter:card\" content=\"summary_large_image\" \/>\n<meta name=\"twitter:site\" content=\"@NuovaDefim\" \/>\n<script type=\"application\/ld+json\" class=\"yoast-schema-graph\">{\"@context\":\"https:\/\/schema.org\",\"@graph\":[{\"@type\":\"WebPage\",\"@id\":\"https:\/\/www.defimorsogril.com\/de\/datenschutzerklarung\/\",\"url\":\"https:\/\/www.defimorsogril.com\/de\/datenschutzerklarung\/\",\"name\":\"Datenschutzerkl\u00e4rung - Defim Orsogril\",\"isPartOf\":{\"@id\":\"https:\/\/www.defimorsogril.com\/de\/#website\"},\"datePublished\":\"2024-12-18T16:53:07+00:00\",\"dateModified\":\"2025-10-22T15:08:25+00:00\",\"breadcrumb\":{\"@id\":\"https:\/\/www.defimorsogril.com\/de\/datenschutzerklarung\/#breadcrumb\"},\"inLanguage\":\"de\",\"potentialAction\":[{\"@type\":\"ReadAction\",\"target\":[\"https:\/\/www.defimorsogril.com\/de\/datenschutzerklarung\/\"]}]},{\"@type\":\"BreadcrumbList\",\"@id\":\"https:\/\/www.defimorsogril.com\/de\/datenschutzerklarung\/#breadcrumb\",\"itemListElement\":[{\"@type\":\"ListItem\",\"position\":1,\"name\":\"Home\",\"item\":\"https:\/\/www.defimorsogril.com\/de\/\"},{\"@type\":\"ListItem\",\"position\":2,\"name\":\"Datenschutzerkl\u00e4rung\"}]},{\"@type\":\"WebSite\",\"@id\":\"https:\/\/www.defimorsogril.com\/de\/#website\",\"url\":\"https:\/\/www.defimorsogril.com\/de\/\",\"name\":\"Defim Orsogril\",\"description\":\"Steel &amp; Style\",\"publisher\":{\"@id\":\"https:\/\/www.defimorsogril.com\/de\/#organization\"},\"alternateName\":\"Defim\",\"potentialAction\":[{\"@type\":\"SearchAction\",\"target\":{\"@type\":\"EntryPoint\",\"urlTemplate\":\"https:\/\/www.defimorsogril.com\/de\/?s={search_term_string}\"},\"query-input\":{\"@type\":\"PropertyValueSpecification\",\"valueRequired\":true,\"valueName\":\"search_term_string\"}}],\"inLanguage\":\"de\"},{\"@type\":\"Organization\",\"@id\":\"https:\/\/www.defimorsogril.com\/de\/#organization\",\"name\":\"Defim Orsogril Spa\",\"alternateName\":\"Defim\",\"url\":\"https:\/\/www.defimorsogril.com\/de\/\",\"logo\":{\"@type\":\"ImageObject\",\"inLanguage\":\"de\",\"@id\":\"https:\/\/www.defimorsogril.com\/de\/#\/schema\/logo\/image\/\",\"url\":\"https:\/\/www.defimorsogril.com\/wp-content\/uploads\/2025\/03\/defim-orsogril-logo-white.svg\",\"contentUrl\":\"https:\/\/www.defimorsogril.com\/wp-content\/uploads\/2025\/03\/defim-orsogril-logo-white.svg\",\"width\":1,\"height\":1,\"caption\":\"Defim Orsogril Spa\"},\"image\":{\"@id\":\"https:\/\/www.defimorsogril.com\/de\/#\/schema\/logo\/image\/\"},\"sameAs\":[\"https:\/\/www.facebook.com\/NuovaDefim.Orsogril\/?locale=it_IT\",\"https:\/\/x.com\/NuovaDefim\",\"https:\/\/www.linkedin.com\/company\/nuova-defim\/?originalSubdomain=it\",\"https:\/\/www.youtube.com\/user\/NuovaDefimSpa\",\"https:\/\/www.instagram.com\/nuovadefimorsogril\/\"]}]}<\/script>\n<!-- \/ Yoast SEO plugin. -->","yoast_head_json":{"title":"Datenschutzerkl\u00e4rung - Defim Orsogril","robots":{"index":"noindex","follow":"nofollow"},"og_locale":"de_DE","og_type":"article","og_title":"Datenschutzerkl\u00e4rung - Defim Orsogril","og_description":"VERANTWORTLICHER F\u00dcR DIE DATENVERARBEITUNG Defim Orsogril S.p.A., mit Sitz in Via Carlo Nicola Pasini, 11, 25017 Lonato del Garda (Brescia), Italien E-Mail-Adresse des Verantwortlichen: info@defimorsogril.com&nbsp; DATENSCHUTZBEAUFTRAGTER (DPO) Der Verantwortliche hat MASTER KONSULT S.R.L. zum Datenschutzbeauftragten (Data Protection Officer \u2013 DPO) ernannt. Dieser kann f\u00fcr alle Fragen im Zusammenhang mit der Verarbeitung personenbezogener Daten und zur [&hellip;]","og_url":"https:\/\/www.defimorsogril.com\/de\/datenschutzerklarung\/","og_site_name":"Defim Orsogril","article_publisher":"https:\/\/www.facebook.com\/NuovaDefim.Orsogril\/?locale=it_IT","article_modified_time":"2025-10-22T15:08:25+00:00","twitter_card":"summary_large_image","twitter_site":"@NuovaDefim","schema":{"@context":"https:\/\/schema.org","@graph":[{"@type":"WebPage","@id":"https:\/\/www.defimorsogril.com\/de\/datenschutzerklarung\/","url":"https:\/\/www.defimorsogril.com\/de\/datenschutzerklarung\/","name":"Datenschutzerkl\u00e4rung - Defim Orsogril","isPartOf":{"@id":"https:\/\/www.defimorsogril.com\/de\/#website"},"datePublished":"2024-12-18T16:53:07+00:00","dateModified":"2025-10-22T15:08:25+00:00","breadcrumb":{"@id":"https:\/\/www.defimorsogril.com\/de\/datenschutzerklarung\/#breadcrumb"},"inLanguage":"de","potentialAction":[{"@type":"ReadAction","target":["https:\/\/www.defimorsogril.com\/de\/datenschutzerklarung\/"]}]},{"@type":"BreadcrumbList","@id":"https:\/\/www.defimorsogril.com\/de\/datenschutzerklarung\/#breadcrumb","itemListElement":[{"@type":"ListItem","position":1,"name":"Home","item":"https:\/\/www.defimorsogril.com\/de\/"},{"@type":"ListItem","position":2,"name":"Datenschutzerkl\u00e4rung"}]},{"@type":"WebSite","@id":"https:\/\/www.defimorsogril.com\/de\/#website","url":"https:\/\/www.defimorsogril.com\/de\/","name":"Defim Orsogril","description":"Steel &amp; Style","publisher":{"@id":"https:\/\/www.defimorsogril.com\/de\/#organization"},"alternateName":"Defim","potentialAction":[{"@type":"SearchAction","target":{"@type":"EntryPoint","urlTemplate":"https:\/\/www.defimorsogril.com\/de\/?s={search_term_string}"},"query-input":{"@type":"PropertyValueSpecification","valueRequired":true,"valueName":"search_term_string"}}],"inLanguage":"de"},{"@type":"Organization","@id":"https:\/\/www.defimorsogril.com\/de\/#organization","name":"Defim Orsogril Spa","alternateName":"Defim","url":"https:\/\/www.defimorsogril.com\/de\/","logo":{"@type":"ImageObject","inLanguage":"de","@id":"https:\/\/www.defimorsogril.com\/de\/#\/schema\/logo\/image\/","url":"https:\/\/www.defimorsogril.com\/wp-content\/uploads\/2025\/03\/defim-orsogril-logo-white.svg","contentUrl":"https:\/\/www.defimorsogril.com\/wp-content\/uploads\/2025\/03\/defim-orsogril-logo-white.svg","width":1,"height":1,"caption":"Defim Orsogril Spa"},"image":{"@id":"https:\/\/www.defimorsogril.com\/de\/#\/schema\/logo\/image\/"},"sameAs":["https:\/\/www.facebook.com\/NuovaDefim.Orsogril\/?locale=it_IT","https:\/\/x.com\/NuovaDefim","https:\/\/www.linkedin.com\/company\/nuova-defim\/?originalSubdomain=it","https:\/\/www.youtube.com\/user\/NuovaDefimSpa","https:\/\/www.instagram.com\/nuovadefimorsogril\/"]}]}},"_links":{"self":[{"href":"https:\/\/www.defimorsogril.com\/de\/wp-json\/wp\/v2\/pages\/9095","targetHints":{"allow":["GET"]}}],"collection":[{"href":"https:\/\/www.defimorsogril.com\/de\/wp-json\/wp\/v2\/pages"}],"about":[{"href":"https:\/\/www.defimorsogril.com\/de\/wp-json\/wp\/v2\/types\/page"}],"author":[{"embeddable":true,"href":"https:\/\/www.defimorsogril.com\/de\/wp-json\/wp\/v2\/users\/11754"}],"replies":[{"embeddable":true,"href":"https:\/\/www.defimorsogril.com\/de\/wp-json\/wp\/v2\/comments?post=9095"}],"version-history":[{"count":2,"href":"https:\/\/www.defimorsogril.com\/de\/wp-json\/wp\/v2\/pages\/9095\/revisions"}],"predecessor-version":[{"id":9424,"href":"https:\/\/www.defimorsogril.com\/de\/wp-json\/wp\/v2\/pages\/9095\/revisions\/9424"}],"wp:attachment":[{"href":"https:\/\/www.defimorsogril.com\/de\/wp-json\/wp\/v2\/media?parent=9095"}],"curies":[{"name":"wp","href":"https:\/\/api.w.org\/{rel}","templated":true}]}}